{"id":11,"date":"2017-09-07T21:03:55","date_gmt":"2017-09-07T21:03:55","guid":{"rendered":"http:\/\/localhost:8888\/eventr2\/?page_id=11"},"modified":"2025-04-01T17:46:36","modified_gmt":"2025-04-01T17:46:36","slug":"homepage","status":"publish","type":"page","link":"https:\/\/fonolexis.com\/","title":{"rendered":"Homepage"},"content":{"rendered":"[vc_row css=&#8221;.vc_custom_1740045998463{padding-top: 0px !important;padding-bottom: 0px !important;background-color: #ffffff !important;}&#8221;][vc_column]\n\t\t\t<!-- START MainSlider REVOLUTION SLIDER 6.5.8 --><p class=\"rs-p-wp-fix\"><\/p>\n\t\t\t<rs-module-wrap id=\"rev_slider_1_1_wrapper\" data-source=\"gallery\" style=\"visibility:hidden;background:#E9E9E9;padding:0;\">\n\t\t\t\t<rs-module id=\"rev_slider_1_1\" style=\"\" data-version=\"6.5.8\">\n\t\t\t\t\t<rs-slides>\n\t\t\t\t\t\t<rs-slide style=\"position: absolute;\" data-key=\"rs-1\" data-title=\"Slide\" data-in=\"o:0;y:(100%);\" data-out=\"a:false;\">\n\t\t\t\t\t\t\t<img loading=\"lazy\" decoding=\"async\" src=\"\/\/fonolexis.com\/wp-content\/plugins\/revslider\/public\/assets\/assets\/dummy.png\" title=\"slide_new_0\" width=\"1920\" height=\"1079\" class=\"rev-slidebg tp-rs-img rs-lazyload\" data-lazyload=\"\/\/fonolexis.com\/wp-content\/uploads\/2025\/02\/slide_new_0.jpg\" data-bg=\"p:center top;\" data-no-retina>\n<!--\n\t\t\t\t\t\t\t--><rs-layer\n\t\t\t\t\t\t\t\tid=\"slider-1-slide-1-layer-1\" \n\t\t\t\t\t\t\t\tclass=\"eventrhead\"\n\t\t\t\t\t\t\t\tdata-type=\"text\"\n\t\t\t\t\t\t\t\tdata-color=\"#0c0c0c\"\n\t\t\t\t\t\t\t\tdata-rsp_ch=\"on\"\n\t\t\t\t\t\t\t\tdata-xy=\"xo:-210px,-210px,-210px,2px;yo:-36px,-36px,-36px,253px;\"\n\t\t\t\t\t\t\t\tdata-text=\"s:77,77,77,50;l:80,80,80,50;fw:900;\"\n\t\t\t\t\t\t\t\tdata-dim=\"w:495,495,495,322px;\"\n\t\t\t\t\t\t\t\tdata-frame_0=\"y:67px;\"\n\t\t\t\t\t\t\t\tdata-frame_1=\"st:500;sR:500;\"\n\t\t\t\t\t\t\t\tdata-frame_999=\"st:w;sR:8200;auto:true;\"\n\t\t\t\t\t\t\t\tstyle=\"z-index:5;background-color:rgba(199,199,204,0.9);font-family:'Montserrat';\"\n\t\t\t\t\t\t\t>FONOLEXIS \n\t\t\t\t\t\t\t<\/rs-layer><!--\n\n\t\t\t\t\t\t\t--><rs-layer\n\t\t\t\t\t\t\t\tid=\"slider-1-slide-1-layer-2\" \n\t\t\t\t\t\t\t\tdata-type=\"text\"\n\t\t\t\t\t\t\t\tdata-color=\"#0c0c0c\"\n\t\t\t\t\t\t\t\tdata-rsp_ch=\"on\"\n\t\t\t\t\t\t\t\tdata-xy=\"xo:-210px,-210px,-210px,2px;yo:44px,44px,44px,303px;\"\n\t\t\t\t\t\t\t\tdata-text=\"w:normal;s:37,37,37,25;l:37,37,37,25;fw:600;\"\n\t\t\t\t\t\t\t\tdata-dim=\"w:749px,749px,749px,402px;\"\n\t\t\t\t\t\t\t\tdata-frame_1=\"st:600;sp:400;sR:600;\"\n\t\t\t\t\t\t\t\tdata-frame_999=\"st:w;sp:400;sR:8000;auto:true;\"\n\t\t\t\t\t\t\t\tstyle=\"z-index:6;background-color:rgba(199,199,204,0.9);font-family:'Montserrat';\"\n\t\t\t\t\t\t\t>Efeitos do Programa Fonolexis em Crian\u00e7as com Perturba\u00e7\u00e3o Fonol\u00f3gica \n\t\t\t\t\t\t\t<\/rs-layer><!--\n-->\t\t\t\t\t\t<\/rs-slide>\n\t\t\t\t\t\t<rs-slide style=\"position: absolute;\" data-key=\"rs-2\" data-title=\"Slide2\" data-in=\"o:0;y:(100%);\" data-out=\"a:false;\">\n\t\t\t\t\t\t\t<img loading=\"lazy\" decoding=\"async\" src=\"\/\/fonolexis.com\/wp-content\/plugins\/revslider\/public\/assets\/assets\/dummy.png\" title=\"slide_new_2\" width=\"1920\" height=\"1080\" class=\"rev-slidebg tp-rs-img rs-lazyload\" data-lazyload=\"\/\/fonolexis.com\/wp-content\/uploads\/2025\/02\/slide_new_2.jpg\" data-bg=\"p:center top;\" data-no-retina>\n<!--\n\t\t\t\t\t\t\t--><rs-layer\n\t\t\t\t\t\t\t\tid=\"slider-1-slide-2-layer-3\" \n\t\t\t\t\t\t\t\tclass=\"eventrhead\"\n\t\t\t\t\t\t\t\tdata-type=\"text\"\n\t\t\t\t\t\t\t\tdata-color=\"#0c0c0c\"\n\t\t\t\t\t\t\t\tdata-rsp_ch=\"on\"\n\t\t\t\t\t\t\t\tdata-xy=\"xo:413px,413px,413px,1px;yo:-39px,-39px,-39px,209px;\"\n\t\t\t\t\t\t\t\tdata-text=\"s:77,77,77,50;l:80,80,80,50;fw:900;\"\n\t\t\t\t\t\t\t\tdata-dim=\"w:495,495,495,319px;\"\n\t\t\t\t\t\t\t\tdata-frame_0=\"y:67px;\"\n\t\t\t\t\t\t\t\tdata-frame_1=\"st:500;sR:500;\"\n\t\t\t\t\t\t\t\tdata-frame_999=\"st:w;sR:8200;auto:true;\"\n\t\t\t\t\t\t\t\tstyle=\"z-index:5;background-color:rgba(199,199,204,0.9);font-family:'Montserrat';\"\n\t\t\t\t\t\t\t>FONOLEXIS \n\t\t\t\t\t\t\t<\/rs-layer><!--\n\n\t\t\t\t\t\t\t--><rs-layer\n\t\t\t\t\t\t\t\tid=\"slider-1-slide-2-layer-4\" \n\t\t\t\t\t\t\t\tdata-type=\"text\"\n\t\t\t\t\t\t\t\tdata-color=\"#0c0c0c\"\n\t\t\t\t\t\t\t\tdata-rsp_ch=\"on\"\n\t\t\t\t\t\t\t\tdata-xy=\"xo:413px,413px,413px,1px;yo:39px,39px,39px,259px;\"\n\t\t\t\t\t\t\t\tdata-text=\"w:normal;s:37,37,37,25;l:37,37,37,25;fw:600;\"\n\t\t\t\t\t\t\t\tdata-dim=\"w:741px,741px,741px,401px;\"\n\t\t\t\t\t\t\t\tdata-frame_1=\"st:600;sp:400;sR:600;\"\n\t\t\t\t\t\t\t\tdata-frame_999=\"st:w;sp:400;sR:8000;auto:true;\"\n\t\t\t\t\t\t\t\tstyle=\"z-index:6;background-color:rgba(199,199,204,0.9);font-family:'Montserrat';\"\n\t\t\t\t\t\t\t>Efeitos do Programa Fonolexis em Crian\u00e7as com Perturba\u00e7\u00e3o Fonol\u00f3gica \n\t\t\t\t\t\t\t<\/rs-layer><!--\n-->\t\t\t\t\t\t<\/rs-slide>\n\t\t\t\t\t\t<rs-slide style=\"position: absolute;\" data-key=\"rs-3\" data-title=\"Slide3\" data-anim=\"ms:300;\" data-in=\"o:0;y:(100%);\" data-out=\"a:false;\">\n\t\t\t\t\t\t\t<img loading=\"lazy\" decoding=\"async\" src=\"\/\/fonolexis.com\/wp-content\/plugins\/revslider\/public\/assets\/assets\/dummy.png\" title=\"slide_new_1\" width=\"1920\" height=\"1080\" class=\"rev-slidebg tp-rs-img rs-lazyload\" data-lazyload=\"\/\/fonolexis.com\/wp-content\/uploads\/2025\/02\/slide_new_1.jpg\" data-bg=\"p:center top;\" data-no-retina>\n<!--\n\t\t\t\t\t\t\t--><rs-layer\n\t\t\t\t\t\t\t\tid=\"slider-1-slide-3-layer-5\" \n\t\t\t\t\t\t\t\tdata-type=\"text\"\n\t\t\t\t\t\t\t\tdata-color=\"#0c0c0c\"\n\t\t\t\t\t\t\t\tdata-rsp_ch=\"on\"\n\t\t\t\t\t\t\t\tdata-xy=\"xo:-206px,-206px,-206px,6px;yo:397px,397px,397px,167px;\"\n\t\t\t\t\t\t\t\tdata-text=\"w:normal;s:37,37,37,25;l:37,37,37,25;fw:600;\"\n\t\t\t\t\t\t\t\tdata-dim=\"w:752px,752px,752px,395px;\"\n\t\t\t\t\t\t\t\tdata-frame_1=\"st:600;sp:400;sR:600;\"\n\t\t\t\t\t\t\t\tdata-frame_999=\"st:w;sp:400;sR:8000;auto:true;\"\n\t\t\t\t\t\t\t\tstyle=\"z-index:6;background-color:rgba(199,199,204,0.9);font-family:'Montserrat';\"\n\t\t\t\t\t\t\t>Efeitos do Programa Fonolexis em Crian\u00e7as com Perturba\u00e7\u00e3o Fonol\u00f3gica \n\t\t\t\t\t\t\t<\/rs-layer><!--\n\n\t\t\t\t\t\t\t--><rs-layer\n\t\t\t\t\t\t\t\tid=\"slider-1-slide-3-layer-6\" \n\t\t\t\t\t\t\t\tclass=\"eventrhead\"\n\t\t\t\t\t\t\t\tdata-type=\"text\"\n\t\t\t\t\t\t\t\tdata-color=\"#0c0c0c\"\n\t\t\t\t\t\t\t\tdata-rsp_ch=\"on\"\n\t\t\t\t\t\t\t\tdata-xy=\"xo:-206px,-206px,-206px,5px;yo:317px,317px,317px,117px;\"\n\t\t\t\t\t\t\t\tdata-text=\"s:77,77,77,50;l:80,80,80,50;fw:900;\"\n\t\t\t\t\t\t\t\tdata-dim=\"w:495,495,495,324px;\"\n\t\t\t\t\t\t\t\tdata-frame_0=\"y:67px;\"\n\t\t\t\t\t\t\t\tdata-frame_1=\"st:500;sR:500;\"\n\t\t\t\t\t\t\t\tdata-frame_999=\"st:w;sR:8200;auto:true;\"\n\t\t\t\t\t\t\t\tstyle=\"z-index:5;background-color:rgba(199,199,204,0.9);font-family:'Montserrat';\"\n\t\t\t\t\t\t\t>FONOLEXIS \n\t\t\t\t\t\t\t<\/rs-layer><!--\n-->\t\t\t\t\t\t<\/rs-slide>\n\t\t\t\t\t<\/rs-slides>\n\t\t\t\t<\/rs-module>\n\t\t\t\t<script type=\"text\/javascript\">\n\t\t\t\t\tsetREVStartSize({c: 'rev_slider_1_1',rl:[1240,1240,1240,480],el:[350,350,350,720],gw:[960,960,960,480],gh:[350,350,350,720],type:'standard',justify:'',layout:'fullscreen',offsetContainer:'',offset:'',mh:\"0\"});if (window.RS_MODULES!==undefined && window.RS_MODULES.modules!==undefined && window.RS_MODULES.modules[\"revslider11\"]!==undefined) {window.RS_MODULES.modules[\"revslider11\"].once = false;window.revapi1 = undefined;if (window.RS_MODULES.checkMinimal!==undefined) window.RS_MODULES.checkMinimal()}\n\t\t\t\t<\/script>\n\t\t\t<\/rs-module-wrap>\n\t\t\t<!-- END REVOLUTION SLIDER -->\n[\/vc_column][\/vc_row][vc_section full_width=&#8221;stretch_row&#8221;][vc_row fullwidth=&#8221;yes&#8221; equal_height=&#8221;yes&#8221;][vc_column width=&#8221;2\/3&#8243; css=&#8221;.vc_custom_1511770167146{background-color: #262626 !important;}&#8221;][vc_custom_heading text=&#8221;Dura\u00e7\u00e3o do Projeto&#8221; font_container=&#8221;tag:h2|text_align:right|color:%23ffffff|line_height:30px&#8221; use_theme_fonts=&#8221;yes&#8221; css=&#8221;.vc_custom_1739897917589{margin-top: 0px !important;margin-bottom: 0px !important;}&#8221;][vc_column_text css=&#8221;.vc_custom_1739898001752{margin-top: 5px !important;margin-bottom: 23px !important;}&#8221;]\n<p style=\"text-align: right;\"><span style=\"color: #b0b0b0;\">tempo dura\u00e7\u00e3o do projeto FONOLEXIS<\/span><\/p>\n[\/vc_column_text][\/vc_column][vc_column width=&#8221;1\/3&#8243; css=&#8221;.vc_custom_1511770189621{background-color: #fac42b !important;}&#8221;]<div id=\"DateCountdown\" data-date=\"2026\/02\/18 00:00:00\" style=\"width: 100%;\"><\/div><script>\n            jQuery(document).ready(function($){\n                $(\"#DateCountdown\").TimeCircles({\n                    \"animation\": \"smooth\",\n                    \"use_background\": false,\n                    \"bg_width\": 0.0001,\n                    \"fg_width\": 0.0001,\n\n                    \"time\": {\n                        \"Days\": {\n                            \"text\": \"DIAS\",\n                            \"color\": \"\",\n                            \"show\": true\n                        },\n                        \"Hours\": {\n                            \"text\": \"HORAS\",\n                            \"color\": \"\",\n                            \"show\": true\n                        },\n                        \"Minutes\": {\n                            \"text\": \"MINUTOS\",\n                            \"color\": \"\",\n                            \"show\": true\n                        },\n                        \"Seconds\": {\n                            \"text\": \"SEGUNDOS\",\n                            \"color\": \"\",\n                            \"show\": true\n                        }\n                    }\n                });\n                $(\".time_circles div span\").css({\"color\":\"#666666\"});\n                $(\".time_circles div h4\").css({\"color\":\"#262626\"});\n                });\n            <\/script>[\/vc_column][\/vc_row][\/vc_section][vc_section full_width=&#8221;stretch_row&#8221; el_id=&#8221;info&#8221; css=&#8221;.vc_custom_1739929782805{padding-top: 90px !important;padding-bottom: 90px !important;}&#8221;][vc_row css=&#8221;.vc_custom_1739925362144{padding-top: 45px !important;}&#8221;][vc_column width=&#8221;1\/4&#8243;]<div class=\"infobox text-center \">\n                <div class=\"icon-box\">\n                    <i style=\"color:#ffcd00\" class=\"pe-7s-home pe-5x\"><\/i>\n                <\/div>\n                <h4 style=\"color:#262626;\">Institui\u00e7\u00e3o Proponente<\/h4>\n                <p style=\"color:#666666;\">Universidade de Aveiro<\/p>\n              <\/div>[\/vc_column][vc_column width=&#8221;1\/4&#8243;]<div class=\"infobox text-center \">\n                <div class=\"icon-box\">\n                    <i style=\"color:#ffcd00\" class=\"pe-7s-cash pe-5x\"><\/i>\n                <\/div>\n                <h4 style=\"color:#262626;\">Entidade financiadora<\/h4>\n                <p style=\"color:#666666;\">Sociedade Portuguesa de Terapia da Fala<\/p>\n              <\/div>[\/vc_column][vc_column width=&#8221;1\/4&#8243;]<div class=\"infobox text-center \">\n                <div class=\"icon-box\">\n                    <i style=\"color:#ffcd00\" class=\"pe-7s-user pe-5x\"><\/i>\n                <\/div>\n                <h4 style=\"color:#262626;\">Institui\u00e7\u00e3o participante<\/h4>\n                <p style=\"color:#666666;\">Centro Paroquial de S\u00e3o Bernardo<\/p>\n              <\/div>[\/vc_column][vc_column width=&#8221;1\/4&#8243;]<div class=\"infobox text-center \">\n                <div class=\"icon-box\">\n                    <i style=\"color:#ffcd00\" class=\"pe-7s-ribbon pe-5x\"><\/i>\n                <\/div>\n                <h4 style=\"color:#262626;\">Comiss\u00e3o de \u00c9tica<\/h4>\n                <p style=\"color:#666666;\">Aprovado com a refer\u00eancia 18_CEI2024<\/p>\n              <\/div>[\/vc_column][\/vc_row][\/vc_section][vc_section full_width=&#8221;stretch_row&#8221; el_id=&#8221;PROJETO&#8221; css=&#8221;.vc_custom_1739929538114{padding-top: 0px !important;background-position: center !important;background-repeat: no-repeat !important;background-size: cover !important;}&#8221;][vc_row css=&#8221;.vc_custom_1739928476613{padding-top: 100px !important;padding-bottom: 100px !important;background-color: rgba(0,0,0,0.7) !important;*background-color: rgb(0,0,0) !important;}&#8221;][vc_column][vc_custom_heading text=&#8221;TITULO DO PROJETO&#8221; font_container=&#8221;tag:h2|text_align:left|color:%23ffffff&#8221; use_theme_fonts=&#8221;yes&#8221; css=&#8221;.vc_custom_1739924020435{margin-top: 0px !important;}&#8221; el_class=&#8221;border-bottom&#8221;][vc_column_text el_class=&#8221;lead&#8221;]\n[\/vc_column_text][vc_custom_heading text=&#8221;Efeitos do Programa Fonolexis em Crian\u00e7as com Perturba\u00e7\u00e3o Fonol\u00f3gica: um estudo controlado\/ quase experimental&#8221; font_container=&#8221;tag:h4|text_align:left|color:%23ffffff&#8221; use_theme_fonts=&#8221;yes&#8221;][\/vc_column][\/vc_row][\/vc_section][vc_section full_width=&#8221;stretch_row&#8221; el_id=&#8221;OBJETIVO&#8221; css=&#8221;.vc_custom_1739929578846{padding-top: 0px !important;background-position: center !important;background-repeat: no-repeat !important;background-size: cover !important;}&#8221;][vc_row css=&#8221;.vc_custom_1739928502264{padding-top: 100px !important;padding-bottom: 100px !important;background-color: #ffffff !important;}&#8221;][vc_column][vc_custom_heading text=&#8221;OBJETIVO DO PROJETO&#8221; font_container=&#8221;tag:h2|text_align:justify|color:%23000000&#8243; use_theme_fonts=&#8221;yes&#8221; css=&#8221;.vc_custom_1739928630904{margin-top: 0px !important;}&#8221; el_class=&#8221;border-bottom&#8221;][vc_column_text el_class=&#8221;lead&#8221;]\n[\/vc_column_text][vc_custom_heading text=&#8221;Este projeto tem como principal objetivo analisar a efic\u00e1cia do Programa de interven\u00e7\u00e3o Fonolexis (Rocha, Saraiva, Lousada &#038; Gomes, 2025) no tratamento de 14 crian\u00e7as com Perturba\u00e7\u00e3o dos sons da fala de base fonol\u00f3gica, com idades entre os 4 anos e 0 meses e os 6 anos e 6 meses, atrav\u00e9s de um estudo controlado\/ quase experimental. As crian\u00e7as ser\u00e3o alocadas a um dos grupos: 7 crian\u00e7as para o grupo experimental e 7 crian\u00e7as para o grupo de controlo (em lista de espera, que usufruir\u00e1 de sess\u00f5es de interven\u00e7\u00e3o numa fase seguinte). Ambos os grupos ser\u00e3o avaliados em diferentes momentos: 1\u00aa avalia\u00e7\u00e3o inicial de ambos os grupos; 2\u00aa avalia\u00e7\u00e3o, ap\u00f3s implementa\u00e7\u00e3o de 16 sess\u00f5es individuais (semanais) de interven\u00e7\u00e3o apenas ao grupo experimental; 3\u00aa avalia\u00e7\u00e3o ap\u00f3s implementa\u00e7\u00e3o de 16 sess\u00f5es individuais de interven\u00e7\u00e3o ao grupo de controlo. Uma terapeuta da fala externa ao estudo (sem conhecimento dos objetivos do estudo) realizar\u00e1 a avalia\u00e7\u00e3o a todas as crian\u00e7as.&#8221; font_container=&#8221;tag:h4|text_align:justify|color:%230a0a0a&#8221; use_theme_fonts=&#8221;yes&#8221;][\/vc_column][\/vc_row][\/vc_section][vc_section full_width=&#8221;stretch_row&#8221; el_id=&#8221;EQUIPA&#8221; css=&#8221;.vc_custom_1739929656438{padding-top: 90px !important;padding-bottom: 90px !important;background-color: #f5f5f5 !important;}&#8221;][vc_row][vc_column][vc_custom_heading text=&#8221;A NOSSA EQUIPA&#8221; font_container=&#8221;tag:h2|text_align:left|color:%23262626&#8243; use_theme_fonts=&#8221;yes&#8221;][vc_column_text el_class=&#8221;lead&#8221;]\n<p style=\"color: #999999; text-align: left;\">Sobre n\u00f3s<\/p>\n[\/vc_column_text][\/vc_column][\/vc_row][vc_row css=&#8221;.vc_custom_1504956526186{margin-top: 25px !important;}&#8221;][vc_column]<section id=\"speakers-grid\"><div class=\"row\"><div class=\"col-md-3 col-sm-3 col-xs-12 \">\n\n                            <div class=\"speaker-thumb\">\n                                <figure class=\"effect-ming\">\n                                    <img decoding=\"async\" class=\"img-responsive\" src=\"https:\/\/fonolexis.com\/wp-content\/uploads\/2017\/09\/marisa_lousada.jpg\" alt=\"MARISA LOUSADA\">\n                                    <figcaption>\n                                        <span><a class=\"html-popup\" href=\"https:\/\/fonolexis.com\/?speaker=marisa_lousada\"><img decoding=\"async\" class=\"img-responsive\" src=\"https:\/\/fonolexis.com\/wp-content\/themes\/eventr\/img\/plus.png\" alt=\"plus\"><\/a><\/span>\n                                    <\/figcaption>\n                                <\/figure>\n\n                                <div class=\"caption text-center\">\n                                    <h4>MARISA LOUSADA<\/h4>\n                                    <p class=\"company\">ESSUA | UA<\/p>\n                                <\/div>\n\n                            <\/div>\n                        <\/div><div class=\"col-md-3 col-sm-3 col-xs-12 \">\n\n                            <div class=\"speaker-thumb\">\n                                <figure class=\"effect-ming\">\n                                    <img decoding=\"async\" class=\"img-responsive\" src=\"https:\/\/fonolexis.com\/wp-content\/uploads\/2017\/09\/ana_rita_valente.jpg\" alt=\"RITA VALENTE\">\n                                    <figcaption>\n                                        <span><a class=\"html-popup\" href=\"https:\/\/fonolexis.com\/?speaker=rita_valente\"><img decoding=\"async\" class=\"img-responsive\" src=\"https:\/\/fonolexis.com\/wp-content\/themes\/eventr\/img\/plus.png\" alt=\"plus\"><\/a><\/span>\n                                    <\/figcaption>\n                                <\/figure>\n\n                                <div class=\"caption text-center\">\n                                    <h4>RITA VALENTE<\/h4>\n                                    <p class=\"company\">IEETA | UA<\/p>\n                                <\/div>\n\n                            <\/div>\n                        <\/div><div class=\"col-md-3 col-sm-3 col-xs-12 \">\n\n                            <div class=\"speaker-thumb\">\n                                <figure class=\"effect-ming\">\n                                    <img decoding=\"async\" class=\"img-responsive\" src=\"https:\/\/fonolexis.com\/wp-content\/uploads\/2017\/09\/Sylvie.jpg\" alt=\"SYLVIE CAPELAS\">\n                                    <figcaption>\n                                        <span><a class=\"html-popup\" href=\"https:\/\/fonolexis.com\/?speaker=sylvie_capelas\"><img decoding=\"async\" class=\"img-responsive\" src=\"https:\/\/fonolexis.com\/wp-content\/themes\/eventr\/img\/plus.png\" alt=\"plus\"><\/a><\/span>\n                                    <\/figcaption>\n                                <\/figure>\n\n                                <div class=\"caption text-center\">\n                                    <h4>SYLVIE CAPELAS<\/h4>\n                                    <p class=\"company\">Centro Paroquial S\u00e3o Bernardo<\/p>\n                                <\/div>\n\n                            <\/div>\n                        <\/div><div class=\"col-md-3 col-sm-3 col-xs-12 \">\n\n                            <div class=\"speaker-thumb\">\n                                <figure class=\"effect-ming\">\n                                    <img decoding=\"async\" class=\"img-responsive\" src=\"https:\/\/fonolexis.com\/wp-content\/uploads\/2017\/09\/mario_rodrigues.jpg\" alt=\"M\u00c1RIO RODRIGUES\">\n                                    <figcaption>\n                                        <span><a class=\"html-popup\" href=\"https:\/\/fonolexis.com\/?speaker=mario_rodrigues\"><img decoding=\"async\" class=\"img-responsive\" src=\"https:\/\/fonolexis.com\/wp-content\/themes\/eventr\/img\/plus.png\" alt=\"plus\"><\/a><\/span>\n                                    <\/figcaption>\n                                <\/figure>\n\n                                <div class=\"caption text-center\">\n                                    <h4>M\u00c1RIO RODRIGUES<\/h4>\n                                    <p class=\"company\">ESSUA | UA<\/p>\n                                <\/div>\n\n                            <\/div>\n                        <\/div><\/div><\/section>[\/vc_column][\/vc_row][\/vc_section][vc_section full_width=&#8221;stretch_row&#8221; el_id=&#8221;funfacts&#8221; css=&#8221;.vc_custom_1739928054045{padding-top: 70px !important;padding-bottom: 70px !important;background-color: rgba(0,0,0,0.7) !important;background-position: center !important;background-repeat: no-repeat !important;background-size: cover !important;*background-color: rgb(0,0,0) !important;}&#8221;][vc_row][vc_column width=&#8221;1\/4&#8243;]<div class=\"funfact-item \"><i style=\"color: #ffffff\" class=\"pe pe-4x pe-7s-home\"><\/i><div class=\"caption\">\n\t\t\t\t\t<p class=\"counter\" style=\"color:#ffffff\">5<\/p>\n\t\t\t\t\t<p class=\"counter-title\" style=\"color:#ffffff\">ENTIDADES<\/p><\/div>\n\t\t\t  <\/div>[\/vc_column][vc_column width=&#8221;1\/4&#8243;]<div class=\"funfact-item \"><i style=\"color: #ffffff\" class=\"pe pe-4x pe-7s-users\"><\/i><div class=\"caption\">\n\t\t\t\t\t<p class=\"counter\" style=\"color:#ffffff\">4<\/p>\n\t\t\t\t\t<p class=\"counter-title\" style=\"color:#ffffff\">EQUIPA<\/p><\/div>\n\t\t\t  <\/div>[\/vc_column][vc_column width=&#8221;1\/4&#8243;]<div class=\"funfact-item \"><i style=\"color: #ffffff\" class=\"pe pe-4x pe-7s-display2\"><\/i><div class=\"caption\">\n\t\t\t\t\t<p class=\"counter\" style=\"color:#ffffff\">1<\/p>\n\t\t\t\t\t<p class=\"counter-title\" style=\"color:#ffffff\">PUBLICA\u00c7\u00c3O<\/p><\/div>\n\t\t\t  <\/div>[\/vc_column][vc_column width=&#8221;1\/4&#8243;]<div class=\"funfact-item \"><i style=\"color: #ffffff\" class=\"pe pe-4x pe-7s-cash\"><\/i><div class=\"caption\">\n\t\t\t\t\t<p class=\"counter\" style=\"color:#ffffff\">5000<\/p>\n\t\t\t\t\t<p class=\"counter-title\" style=\"color:#ffffff\">FINANCIAMENTO<\/p><\/div>\n\t\t\t  <\/div>[\/vc_column][\/vc_row][\/vc_section][vc_section full_width=&#8221;stretch_row&#8221; el_id=&#8221;SPONSORS&#8221; css=&#8221;.vc_custom_1739929684010{padding-top: 90px !important;padding-bottom: 120px !important;}&#8221;][vc_row][vc_column][vc_custom_heading text=&#8221;SPONSORS&#8221; font_container=&#8221;tag:h2|text_align:left|color:%23262626&#8243; use_theme_fonts=&#8221;yes&#8221;][vc_column_text el_class=&#8221;lead&#8221;]\n<p style=\"color: #999999; text-align: left;\">Entidades envolvidas no projeto<\/p>\n[\/vc_column_text][\/vc_column][\/vc_row][vc_row css=&#8221;.vc_custom_1743521045489{margin-top: 25px !important;}&#8221;][vc_column]<div id=\"sponsor-carousel\"><div class=\"sponsor-item text-center\"><a href= \"www.ua.pt\" ><img decoding=\"async\" class=\"img-responsive center-block\" src=\"https:\/\/fonolexis.com\/wp-content\/uploads\/2025\/02\/logo_ua.jpg\" alt=\"sponsor\"><\/a><\/div><div class=\"sponsor-item text-center\"><a href= \"https:\/\/sptf.org.pt\" ><img decoding=\"async\" class=\"img-responsive center-block\" src=\"https:\/\/fonolexis.com\/wp-content\/uploads\/2025\/02\/logo_sptf.jpg\" alt=\"sponsor\"><\/a><\/div><div class=\"sponsor-item text-center\"><a href= \"https:\/\/rise-la.pt\" ><img decoding=\"async\" class=\"img-responsive center-block\" src=\"https:\/\/fonolexis.com\/wp-content\/uploads\/2025\/02\/logo_rise.jpg\" alt=\"sponsor\"><\/a><\/div><div class=\"sponsor-item text-center\"><a href= \"https:\/\/www.ieeta.pt\" ><img decoding=\"async\" class=\"img-responsive center-block\" src=\"https:\/\/fonolexis.com\/wp-content\/uploads\/2025\/02\/logo_ieta.jpg\" alt=\"sponsor\"><\/a><\/div><div class=\"sponsor-item text-center\"><a href= \"https:\/\/cpsb.pt\" ><img decoding=\"async\" class=\"img-responsive center-block\" src=\"https:\/\/fonolexis.com\/wp-content\/uploads\/2025\/02\/logo_cpsb.jpg\" alt=\"sponsor\"><\/a><\/div><div class=\"sponsor-item text-center\"><a href= \"https:\/\/fonolexis.pt\/\" ><img decoding=\"async\" class=\"img-responsive center-block\" src=\"https:\/\/fonolexis.com\/wp-content\/uploads\/2025\/04\/Logo_Psilexis.jpg\" alt=\"sponsor\"><\/a><\/div><\/div><script>\n            jQuery(document).ready(function($){\n                $(\"#sponsor-carousel\").owlCarousel({itemsCustom : [\n\t\t\t\t\t\t[0, 1],\n\t\t\t\t\t\t[450, 1],\n\t\t\t\t\t\t[600, 2],\n\t\t\t\t\t\t[700, 2],\n\t\t\t\t\t\t[1000, 6],\n\t\t\t\t\t\t[1200, 6],\n\t\t\t\t\t\t],\n                    autoPlay: false,\n                    pagination: true\n                });\n            });\n        <\/script>[\/vc_column][\/vc_row][\/vc_section][vc_section full_width=&#8221;stretch_row&#8221; el_id=&#8221;MAPA&#8221; css=&#8221;.vc_custom_1739932170822{margin-bottom: 0px !important;padding-bottom: 0px !important;}&#8221;][vc_row fullwidth=&#8221;yes&#8221; full_width=&#8221;stretch_row_content_no_spaces&#8221;][vc_column]<div id=\"gmap\" style=\"height:400px;\"><\/div>\n\t\t\t<script>\n\t\t\tfunction initMap() {\n        var customMapType = new google.maps.StyledMapType(\n            [{\"featureType\":\"water\",\"elementType\":\"geometry\",\"stylers\":[{\"color\":\"#e9e9e9\"},{\"lightness\":17}]},{\"featureType\":\"landscape\",\"elementType\":\"geometry\",\"stylers\":[{\"color\":\"#f5f5f5\"},{\"lightness\":20}]},{\"featureType\":\"road.highway\",\"elementType\":\"geometry.fill\",\"stylers\":[{\"color\":\"#ffffff\"},{\"lightness\":17}]},{\"featureType\":\"road.highway\",\"elementType\":\"geometry.stroke\",\"stylers\":[{\"color\":\"#ffffff\"},{\"lightness\":29},{\"weight\":0.2}]},{\"featureType\":\"road.arterial\",\"elementType\":\"geometry\",\"stylers\":[{\"color\":\"#ffffff\"},{\"lightness\":18}]},{\"featureType\":\"road.local\",\"elementType\":\"geometry\",\"stylers\":[{\"color\":\"#ffffff\"},{\"lightness\":16}]},{\"featureType\":\"poi\",\"elementType\":\"geometry\",\"stylers\":[{\"color\":\"#f5f5f5\"},{\"lightness\":21}]},{\"featureType\":\"poi.park\",\"elementType\":\"geometry\",\"stylers\":[{\"color\":\"#dedede\"},{\"lightness\":21}]},{\"elementType\":\"labels.text.stroke\",\"stylers\":[{\"visibility\":\"on\"},{\"color\":\"#ffffff\"},{\"lightness\":16}]},{\"elementType\":\"labels.text.fill\",\"stylers\":[{\"saturation\":36},{\"color\":\"#333333\"},{\"lightness\":40}]},{\"elementType\":\"labels.icon\",\"stylers\":[{\"visibility\":\"off\"}]},{\"featureType\":\"transit\",\"elementType\":\"geometry\",\"stylers\":[{\"color\":\"#f2f2f2\"},{\"lightness\":19}]},{\"featureType\":\"administrative\",\"elementType\":\"geometry.fill\",\"stylers\":[{\"color\":\"#fefefe\"},{\"lightness\":20}]},{\"featureType\":\"administrative\",\"elementType\":\"geometry.stroke\",\"stylers\":[{\"color\":\"#fefefe\"},{\"lightness\":17},{\"weight\":1.2}]}],\n           {\n\n        });\n        var customMapTypeId = \"ROADMAP\";\n\n        var map = new google.maps.Map(document.getElementById(\"gmap\"), {\n          zoom: 15,\n          scrollwheel: true,\n          center: {lat: 40.623358, lng: -8.657532},\n          mapTypeControlOptions: {\n            mapTypeIds: [google.maps.MapTypeId.ROADMAP, customMapTypeId]\n          }\n\n\n        }); var image = new google.maps.MarkerImage(\"\",\n\n                    new google.maps.Size(112, 112),\n\n                    new google.maps.Point(0,0),\n\n                    new google.maps.Point(18, 42)\n                );\n\n                \/\/ Add Marker\n                var marker1 = new google.maps.Marker({\n                    position: new google.maps.LatLng(40.623358,-8.657532),\n                    map: map,\n                    icon: image \/\/ This path is the custom pin to be shown. Remove this line and the proceeding comma to use default pin\n                });\n\n        map.mapTypes.set(customMapTypeId, customMapType);\n        map.setMapTypeId(customMapTypeId);\n      }<\/script><script src=\"https:\/\/maps.googleapis.com\/maps\/api\/js?key=AIzaSyBIbkw3y-8ojd0A0o6V3oHALwDg59A-scc&callback=initMap\"\n    async defer><\/script>\n[\/vc_column][\/vc_row][\/vc_section]\n","protected":false},"excerpt":{"rendered":"<p>[vc_row css=&#8221;.vc_custom_1740045998463{padding-top: 0px !important;padding-bottom: 0px !important;background-color: #ffffff !important;}&#8221;][vc_column][\/vc_column][\/vc_row][vc_section full_width=&#8221;stretch_row&#8221;][vc_row fullwidth=&#8221;yes&#8221; equal_height=&#8221;yes&#8221;][vc_column width=&#8221;2\/3&#8243; css=&#8221;.vc_custom_1511770167146{background-color: #262626 !important;}&#8221;][vc_custom_heading text=&#8221;Dura\u00e7\u00e3o do Projeto&#8221; font_container=&#8221;tag:h2|text_align:right|color:%23ffffff|line_height:30px&#8221; use_theme_fonts=&#8221;yes&#8221; css=&#8221;.vc_custom_1739897917589{margin-top: 0px !important;margin-bottom: 0px !important;}&#8221;][vc_column_text css=&#8221;.vc_custom_1739898001752{margin-top: 5px !important;margin-bottom: 23px !important;}&#8221;] tempo dura\u00e7\u00e3o do projeto FONOLEXIS [\/vc_column_text][\/vc_column][vc_column width=&#8221;1\/3&#8243; css=&#8221;.vc_custom_1511770189621{background-color: #fac42b !important;}&#8221;][\/vc_column][\/vc_row][\/vc_section][vc_section full_width=&#8221;stretch_row&#8221; el_id=&#8221;info&#8221; css=&#8221;.vc_custom_1739929782805{padding-top: 90px !important;padding-bottom: 90px !important;}&#8221;][vc_row css=&#8221;.vc_custom_1739925362144{padding-top: 45px !important;}&#8221;][vc_column width=&#8221;1\/4&#8243;][\/vc_column][vc_column width=&#8221;1\/4&#8243;][\/vc_column][vc_column width=&#8221;1\/4&#8243;][\/vc_column][vc_column width=&#8221;1\/4&#8243;][\/vc_column][\/vc_row][\/vc_section][vc_section full_width=&#8221;stretch_row&#8221; [&hellip;]<\/p>\n","protected":false},"author":2,"featured_media":0,"parent":0,"menu_order":0,"comment_status":"closed","ping_status":"closed","template":"home_vc_template.php","meta":{"footnotes":""},"class_list":["post-11","page","type-page","status-publish","hentry"],"_links":{"self":[{"href":"https:\/\/fonolexis.com\/index.php?rest_route=\/wp\/v2\/pages\/11","targetHints":{"allow":["GET"]}}],"collection":[{"href":"https:\/\/fonolexis.com\/index.php?rest_route=\/wp\/v2\/pages"}],"about":[{"href":"https:\/\/fonolexis.com\/index.php?rest_route=\/wp\/v2\/types\/page"}],"author":[{"embeddable":true,"href":"https:\/\/fonolexis.com\/index.php?rest_route=\/wp\/v2\/users\/2"}],"replies":[{"embeddable":true,"href":"https:\/\/fonolexis.com\/index.php?rest_route=%2Fwp%2Fv2%2Fcomments&post=11"}],"version-history":[{"count":110,"href":"https:\/\/fonolexis.com\/index.php?rest_route=\/wp\/v2\/pages\/11\/revisions"}],"predecessor-version":[{"id":934,"href":"https:\/\/fonolexis.com\/index.php?rest_route=\/wp\/v2\/pages\/11\/revisions\/934"}],"wp:attachment":[{"href":"https:\/\/fonolexis.com\/index.php?rest_route=%2Fwp%2Fv2%2Fmedia&parent=11"}],"curies":[{"name":"wp","href":"https:\/\/api.w.org\/{rel}","templated":true}]}}